{"id":4383,"date":"2021-02-25T10:07:26","date_gmt":"2021-02-25T09:07:26","guid":{"rendered":"https:\/\/www.penzion-kaps.si\/sobe\/family-room-with-terrace\/"},"modified":"2024-10-10T12:03:28","modified_gmt":"2024-10-10T11:03:28","slug":"druzinska-soba-s-teraso","status":"publish","type":"page","link":"https:\/\/www.penzion-kaps.si\/sl\/sobe\/druzinska-soba-s-teraso\/","title":{"rendered":"Dru\u017einska soba s teraso"},"content":{"rendered":"<p>[et_pb_section fb_built=&#8221;1&#8243; _builder_version=&#8221;4.16&#8243; background_enable_color=&#8221;off&#8221; background_image=&#8221;https:\/\/www.penzion-kaps.si\/wp-content\/uploads\/2021\/02\/background-texture-petrol.png&#8221; background_size=&#8221;initial&#8221; background_repeat=&#8221;repeat&#8221; transparent_background=&#8221;off&#8221; global_colors_info=&#8221;{}&#8221;][et_pb_row _builder_version=&#8221;4.16&#8243; background_size=&#8221;initial&#8221; background_position=&#8221;top_left&#8221; background_repeat=&#8221;repeat&#8221; global_colors_info=&#8221;{}&#8221;][et_pb_column type=&#8221;4_4&#8243; _builder_version=&#8221;4.16&#8243; custom_padding=&#8221;|||&#8221; global_colors_info=&#8221;{}&#8221; custom_padding__hover=&#8221;|||&#8221;][dsm_block_reveal_image src=&#8221;https:\/\/www.penzion-kaps.si\/wp-content\/uploads\/2019\/11\/pension-logo.png&#8221; title_text=&#8221;pension-logo&#8221; align=&#8221;center&#8221; _builder_version=&#8221;4.16&#8243; _module_preset=&#8221;default&#8221; global_colors_info=&#8221;{}&#8221;][\/dsm_block_reveal_image][et_pb_text admin_label=&#8221;Text&#8221; _builder_version=&#8221;4.16&#8243; background_size=&#8221;initial&#8221; background_position=&#8221;top_left&#8221; background_repeat=&#8221;repeat&#8221; global_colors_info=&#8221;{}&#8221;]<\/p>\n<h1 style=\"text-align: center;\">Dru\u017einska soba s teraso<\/h1>\n<p>[\/et_pb_text][et_pb_image src=&#8221;https:\/\/www.penzion-kaps.si\/wp-content\/uploads\/2021\/02\/penzion_kaps_soba_14_24.jpg&#8221; alt=&#8221;PENZION KAPS BLED&#8221; title_text=&#8221;PENZION KAPS BLED&#8221; align_tablet=&#8221;center&#8221; align_phone=&#8221;&#8221; align_last_edited=&#8221;on|desktop&#8221; admin_label=&#8221;Image&#8221; _builder_version=&#8221;4.16&#8243; animation_style=&#8221;slide&#8221; animation_direction=&#8221;left&#8221; animation_duration=&#8221;500ms&#8221; animation_intensity_slide=&#8221;10%&#8221; animation=&#8221;left&#8221; sticky=&#8221;off&#8221; global_colors_info=&#8221;{}&#8221;][\/et_pb_image][\/et_pb_column][\/et_pb_row][et_pb_row column_structure=&#8221;2_5,3_5&#8243; _builder_version=&#8221;4.16&#8243; background_size=&#8221;initial&#8221; background_position=&#8221;top_left&#8221; background_repeat=&#8221;repeat&#8221; global_colors_info=&#8221;{}&#8221;][et_pb_column type=&#8221;2_5&#8243; _builder_version=&#8221;4.16&#8243; custom_padding=&#8221;|||&#8221; global_colors_info=&#8221;{}&#8221; custom_padding__hover=&#8221;|||&#8221;][et_pb_text admin_label=&#8221;Text&#8221; _builder_version=&#8221;4.16&#8243; background_size=&#8221;initial&#8221; background_position=&#8221;top_left&#8221; background_repeat=&#8221;repeat&#8221; global_colors_info=&#8221;{}&#8221;]<\/p>\n<h3><em><strong>Sobe<\/strong><\/em><\/h3>\n<ul>\n<li>Cca 44m2<\/li>\n<li>Mo\u017enost otro\u0161ke posteljice<\/li>\n<li>Mo\u017enost dodatnega le\u017ei\u0161\u010da<\/li>\n<li>Balkon<\/li>\n<li>Tv<\/li>\n<li>Priklju\u010dek za Internet<\/li>\n<li>Klimatska naprava<\/li>\n<li>Sef<\/li>\n<li>Hladilnik<\/li>\n<li>Brezpla\u010dmo parkiri\u0161\u010de<\/li>\n<li>Brezpla\u010den internet<\/li>\n<li><strong>Zajtrk vklju\u010den<\/strong><\/li>\n<\/ul>\n<p>[\/et_pb_text][et_pb_text admin_label=&#8221;Text&#8221; _builder_version=&#8221;4.27.2&#8243; _module_preset=&#8221;default&#8221; background_size=&#8221;initial&#8221; background_position=&#8221;top_left&#8221; background_repeat=&#8221;repeat&#8221; locked=&#8221;off&#8221; global_colors_info=&#8221;{}&#8221; theme_builder_area=&#8221;post_content&#8221;]\n\t\t<style type=\"text\/css\">\n\t\t\t#gallery-1 {\n\t\t\t\tmargin: auto;\n\t\t\t}\n\t\t\t#gallery-1 .gallery-item {\n\t\t\t\tfloat: left;\n\t\t\t\tmargin-top: 10px;\n\t\t\t\ttext-align: center;\n\t\t\t\twidth: 12%;\n\t\t\t}\n\t\t\t#gallery-1 img {\n\t\t\t\tborder: 2px solid #cfcfcf;\n\t\t\t}\n\t\t\t#gallery-1 .gallery-caption {\n\t\t\t\tmargin-left: 0;\n\t\t\t}\n\t\t\t\/* see gallery_shortcode() in wp-includes\/media.php *\/\n\t\t<\/style>\n\t\t<div id='gallery-1' class='gallery galleryid-4383 gallery-columns-8 gallery-size-thumbnail'><dl class='gallery-item'>\n\t\t\t<dt class='gallery-icon landscape'>\n\t\t\t\t<img loading=\"lazy\" decoding=\"async\" width=\"32\" height=\"32\" src=\"https:\/\/www.penzion-kaps.si\/wp-content\/uploads\/2014\/10\/parking19.png\" class=\"attachment-thumbnail size-thumbnail\" alt=\"\" \/>\n\t\t\t<\/dt><\/dl><dl class='gallery-item'>\n\t\t\t<dt class='gallery-icon landscape'>\n\t\t\t\t<img loading=\"lazy\" decoding=\"async\" width=\"32\" height=\"32\" src=\"https:\/\/www.penzion-kaps.si\/wp-content\/uploads\/2014\/10\/minisplit.png\" class=\"attachment-thumbnail size-thumbnail\" alt=\"\" \/>\n\t\t\t<\/dt><\/dl><dl class='gallery-item'>\n\t\t\t<dt class='gallery-icon landscape'>\n\t\t\t\t<img loading=\"lazy\" decoding=\"async\" width=\"32\" height=\"32\" src=\"https:\/\/www.penzion-kaps.si\/wp-content\/uploads\/2014\/10\/balcony.png\" class=\"attachment-thumbnail size-thumbnail\" alt=\"\" \/>\n\t\t\t<\/dt><\/dl><dl class='gallery-item'>\n\t\t\t<dt class='gallery-icon landscape'>\n\t\t\t\t<img loading=\"lazy\" decoding=\"async\" width=\"32\" height=\"32\" src=\"https:\/\/www.penzion-kaps.si\/wp-content\/uploads\/2014\/10\/tv27.png\" class=\"attachment-thumbnail size-thumbnail\" alt=\"\" \/>\n\t\t\t<\/dt><\/dl><dl class='gallery-item'>\n\t\t\t<dt class='gallery-icon landscape'>\n\t\t\t\t<img loading=\"lazy\" decoding=\"async\" width=\"32\" height=\"32\" src=\"https:\/\/www.penzion-kaps.si\/wp-content\/uploads\/2014\/10\/safe12.png\" class=\"attachment-thumbnail size-thumbnail\" alt=\"\" \/>\n\t\t\t<\/dt><\/dl><dl class='gallery-item'>\n\t\t\t<dt class='gallery-icon landscape'>\n\t\t\t\t<img loading=\"lazy\" decoding=\"async\" width=\"32\" height=\"31\" src=\"https:\/\/www.penzion-kaps.si\/wp-content\/uploads\/2014\/10\/regular2.png\" class=\"attachment-thumbnail size-thumbnail\" alt=\"\" \/>\n\t\t\t<\/dt><\/dl><dl class='gallery-item'>\n\t\t\t<dt class='gallery-icon landscape'>\n\t\t\t\t<img loading=\"lazy\" decoding=\"async\" width=\"32\" height=\"32\" src=\"https:\/\/www.penzion-kaps.si\/wp-content\/uploads\/2014\/10\/computer170.png\" class=\"attachment-thumbnail size-thumbnail\" alt=\"\" \/>\n\t\t\t<\/dt><\/dl><dl class='gallery-item'>\n\t\t\t<dt class='gallery-icon landscape'>\n\t\t\t\t<img loading=\"lazy\" decoding=\"async\" width=\"32\" height=\"32\" src=\"https:\/\/www.penzion-kaps.si\/wp-content\/uploads\/2014\/10\/breakfast1.png\" class=\"attachment-thumbnail size-thumbnail\" alt=\"\" \/>\n\t\t\t<\/dt><\/dl><br style=\"clear: both\" \/>\n\t\t<\/div>\n[\/et_pb_text][\/et_pb_column][et_pb_column type=&#8221;3_5&#8243; _builder_version=&#8221;4.16&#8243; custom_padding=&#8221;|||&#8221; global_colors_info=&#8221;{}&#8221; custom_padding__hover=&#8221;|||&#8221;][dsm_masonry_gallery gallery_ids=&#8221;5273,5277,5281,5285,5289,5293,5297,5301,5305,5309,5313,5317,5321&#8243; use_lightbox=&#8221;on&#8221; use_zoom_on_hover=&#8221;on&#8221; admin_label=&#8221;Supreme Masonry Gallery&#8221; _builder_version=&#8221;4.16&#8243; _module_preset=&#8221;default&#8221; locked=&#8221;off&#8221; global_colors_info=&#8221;{}&#8221;][\/dsm_masonry_gallery][\/et_pb_column][\/et_pb_row][et_pb_row column_structure=&#8221;1_2,1_2&#8243; _builder_version=&#8221;4.16&#8243; _module_preset=&#8221;default&#8221; global_colors_info=&#8221;{}&#8221;][et_pb_column type=&#8221;1_2&#8243; _builder_version=&#8221;4.16&#8243; _module_preset=&#8221;default&#8221; global_colors_info=&#8221;{}&#8221;][et_pb_code _builder_version=&#8221;4.16&#8243; _module_preset=&#8221;default&#8221; global_colors_info=&#8221;{}&#8221;]<script src=\"\/\/www.bentral.com\/service\/embed\/price-list.js?uid=5f7a4d304e675f4d&#038;id=5f544d784e415f4d&#038;width=full&#038;poweredby=0&#038;lang=sl&#038;key=1d0e49d571f3cfd8503537d103435589\"><\/script>[\/et_pb_code][\/et_pb_column][et_pb_column type=&#8221;1_2&#8243; _builder_version=&#8221;4.16&#8243; _module_preset=&#8221;default&#8221; global_colors_info=&#8221;{}&#8221;][et_pb_code _builder_version=&#8221;4.16&#8243; _module_preset=&#8221;default&#8221; global_colors_info=&#8221;{}&#8221;]<script src=\"\/\/www.bentral.com\/service\/embed\/calendar.js?uid=5f7a4d304e675f4d&#038;months=2&#038;last=true&#038;width=full&#038;poweredby=0&#038;lang=sl&#038;key=1d0e49d571f3cfd8503537d103435589\"><\/script>[\/et_pb_code][\/et_pb_column][\/et_pb_row][et_pb_row _builder_version=&#8221;4.16&#8243; _module_preset=&#8221;default&#8221; global_colors_info=&#8221;{}&#8221;][et_pb_column type=&#8221;4_4&#8243; _builder_version=&#8221;4.16&#8243; _module_preset=&#8221;default&#8221; global_colors_info=&#8221;{}&#8221;][et_pb_code _builder_version=&#8221;4.16&#8243; _module_preset=&#8221;default&#8221; global_colors_info=&#8221;{}&#8221;]<script src=\"\/\/www.bentral.com\/service\/embed\/booking.js?id=5f544d784e415f4d&#038;unit=5f7a4d304e675f4d&#038;title=1&#038;width=full&#038;poweredby=0&#038;lang=sl&#038;key=1d0e49d571f3cfd8503537d103435589\"><\/script>[\/et_pb_code][\/et_pb_column][\/et_pb_row][et_pb_row _builder_version=&#8221;4.16&#8243; background_size=&#8221;initial&#8221; background_position=&#8221;top_left&#8221; background_repeat=&#8221;repeat&#8221; global_colors_info=&#8221;{}&#8221;][et_pb_column type=&#8221;4_4&#8243; _builder_version=&#8221;4.16&#8243; custom_padding=&#8221;|||&#8221; global_colors_info=&#8221;{}&#8221; custom_padding__hover=&#8221;|||&#8221;][et_pb_text admin_label=&#8221;Text&#8221; _builder_version=&#8221;4.16&#8243; background_size=&#8221;initial&#8221; background_position=&#8221;top_left&#8221; background_repeat=&#8221;repeat&#8221; global_colors_info=&#8221;{}&#8221;]<iframe src=\"\/wp-content\/uploads\/kaps\/tour.html\" seamless width=\"1980px\" height =\"550px\"><\/iframe>[\/et_pb_text][\/et_pb_column][\/et_pb_row][\/et_pb_section]<\/p>\n","protected":false},"excerpt":{"rendered":"<p><div class=\"et_pb_module dsm_block_reveal_image dsm_block_reveal_image_0\">\n\t\t\t\t\n\t\t\t\t\n\t\t\t\t\n\t\t\t\t\n\t\t\t\t\n\t\t\t\t\n\t\t\t\t<div class=\"et_pb_module_inner\">\n\t\t\t\t\t<div class=\"dsm_block_reveal_image_wrapper\" >\n\t\t\t\t\n\t\t\t\t\n\t\t\t\t<span class=\"et_pb_image_wrap\" data-dsm-block-reveal-animation=\"lr\" data-dsm-block-reveal-color=\"#b7975e\" data-dsm-block-reveal-delay=\"0.1\" data-dsm-block-reveal-viewport=\"80%\"><img decoding=\"async\" src=\"https:\/\/www.penzion-kaps.si\/wp-content\/uploads\/2019\/11\/pension-logo.png\" alt=\"\" title=\"pension-logo\" srcset=\"https:\/\/www.penzion-kaps.si\/wp-content\/uploads\/2019\/11\/pension-logo.png 342w, https:\/\/www.penzion-kaps.si\/wp-content\/uploads\/2019\/11\/pension-logo-300x86.png 300w\" sizes=\"(max-width: 342px) 100vw, 342px\" \/><\/span>\n\t\t\t<\/div>\n\t\t\t\t<\/div>\n\t\t\t<\/div>Dru\u017einska soba s terasoSobe Cca 44m2 Mo\u017enost otro\u0161ke posteljice Mo\u017enost dodatnega le\u017ei\u0161\u010da Balkon Tv Priklju\u010dek za Internet Klimatska naprava Sef Hladilnik Brezpla\u010dmo parkiri\u0161\u010de Brezpla\u010den internet Zajtrk vklju\u010den \n\t\t<style type=\"text\/css\">\n\t\t\t#gallery-2 {\n\t\t\t\tmargin: auto;\n\t\t\t}\n\t\t\t#gallery-2 .gallery-item {\n\t\t\t\tfloat: left;\n\t\t\t\tmargin-top: 10px;\n\t\t\t\ttext-align: center;\n\t\t\t\twidth: 12%;\n\t\t\t}\n\t\t\t#gallery-2 img {\n\t\t\t\tborder: 2px solid #cfcfcf;\n\t\t\t}\n\t\t\t#gallery-2 .gallery-caption {\n\t\t\t\tmargin-left: 0;\n\t\t\t}\n\t\t\t\/* see gallery_shortcode() in wp-includes\/media.php *\/\n\t\t<\/style>\n\t\t<div id='gallery-2' class='gallery galleryid-4383 gallery-columns-8 gallery-size-thumbnail'><dl class='gallery-item'>\n\t\t\t<dt class='gallery-icon landscape'>\n\t\t\t\t<img width=\"32\" height=\"32\" src=\"https:\/\/www.penzion-kaps.si\/wp-content\/uploads\/2014\/10\/parking19.png\" class=\"attachment-thumbnail size-thumbnail\" alt=\"\" decoding=\"async\" loading=\"lazy\" \/>\n\t\t\t<\/dt><\/dl><dl class='gallery-item'>\n\t\t\t<dt class='gallery-icon landscape'>\n\t\t\t\t<img width=\"32\" height=\"32\" src=\"https:\/\/www.penzion-kaps.si\/wp-content\/uploads\/2014\/10\/minisplit.png\" class=\"attachment-thumbnail size-thumbnail\" alt=\"\" decoding=\"async\" loading=\"lazy\" \/>\n\t\t\t<\/dt><\/dl><dl class='gallery-item'>\n\t\t\t<dt class='gallery-icon landscape'>\n\t\t\t\t<img width=\"32\" height=\"32\" src=\"https:\/\/www.penzion-kaps.si\/wp-content\/uploads\/2014\/10\/balcony.png\" class=\"attachment-thumbnail size-thumbnail\" alt=\"\" decoding=\"async\" loading=\"lazy\" \/>\n\t\t\t<\/dt><\/dl><dl class='gallery-item'>\n\t\t\t<dt class='gallery-icon landscape'>\n\t\t\t\t<img width=\"32\" height=\"32\" src=\"https:\/\/www.penzion-kaps.si\/wp-content\/uploads\/2014\/10\/tv27.png\" class=\"attachment-thumbnail size-thumbnail\" alt=\"\" decoding=\"async\" loading=\"lazy\" \/>\n\t\t\t<\/dt><\/dl><dl class='gallery-item'>\n\t\t\t<dt class='gallery-icon landscape'>\n\t\t\t\t<img width=\"32\" height=\"32\" src=\"https:\/\/www.penzion-kaps.si\/wp-content\/uploads\/2014\/10\/safe12.png\" class=\"attachment-thumbnail size-thumbnail\" alt=\"\" decoding=\"async\" loading=\"lazy\" \/>\n\t\t\t<\/dt><\/dl><dl class='gallery-item'>\n\t\t\t<dt class='gallery-icon landscape'>\n\t\t\t\t<img width=\"32\" height=\"31\" src=\"https:\/\/www.penzion-kaps.si\/wp-content\/uploads\/2014\/10\/regular2.png\" class=\"attachment-thumbnail size-thumbnail\" alt=\"\" decoding=\"async\" loading=\"lazy\" \/>\n\t\t\t<\/dt><\/dl><dl class='gallery-item'>\n\t\t\t<dt class='gallery-icon landscape'>\n\t\t\t\t<img width=\"32\" height=\"32\" src=\"https:\/\/www.penzion-kaps.si\/wp-content\/uploads\/2014\/10\/computer170.png\" class=\"attachment-thumbnail size-thumbnail\" alt=\"\" decoding=\"async\" loading=\"lazy\" \/>\n\t\t\t<\/dt><\/dl><dl class='gallery-item'>\n\t\t\t<dt class='gallery-icon landscape'>\n\t\t\t\t<img width=\"32\" height=\"32\" src=\"https:\/\/www.penzion-kaps.si\/wp-content\/uploads\/2014\/10\/breakfast1.png\" class=\"attachment-thumbnail size-thumbnail\" alt=\"\" decoding=\"async\" loading=\"lazy\" \/>\n\t\t\t<\/dt><\/dl><br style=\"clear: both\" \/>\n\t\t<\/div>\n<div class=\"et_pb_module dsm_masonry_gallery dsm_masonry_gallery_0\">\n\t\t\t\t\n\t\t\t\t\n\t\t\t\t\n\t\t\t\t\n\t\t\t\t\n\t\t\t\t\n\t\t\t\t<div class=\"et_pb_module_inner\">\n\t\t\t\t\t<div class=\"dsm-gallery grid dsm_masonry_zoom_hover\" data-lightbox=\"true\" data-horizontalorder=\"true\">\n                <div class=\"grid-sizer\"><\/div><div class=\"gutter-sizer\"><\/div><div class=\"grid-item\">\n                    <a href=\"https:\/\/www.penzion-kaps.si\/wp-content\/uploads\/2021\/03\/PENZION-KAPS-BLED-Druzinska-soba-s-teraso-02.jpg\"  data-title='PENZION KAPS BLED &#8211; Dru\u017einska soba s teraso 02'  data-caption='PENZION KAPS BLED' data-mfp-src=\"https:\/\/www.penzion-kaps.si\/wp-content\/uploads\/2021\/03\/PENZION-KAPS-BLED-Druzinska-soba-s-teraso-02.jpg\">\n                        <div class=\"et_pb_image_wrap\">\n                            <img loading=\"lazy\" decoding=\"async\" src=\"https:\/\/www.penzion-kaps.si\/wp-content\/uploads\/2021\/03\/PENZION-KAPS-BLED-Druzinska-soba-s-teraso-02.jpg\" title=\"PENZION KAPS BLED &#8211; Dru\u017einska soba s teraso 02\" alt=\"PENZION KAPS BLED\" class=\"dsm-skip-lazyload\" srcset=\"https:\/\/www.penzion-kaps.si\/wp-content\/uploads\/2021\/03\/PENZION-KAPS-BLED-Druzinska-soba-s-teraso-02.jpg 1080w, https:\/\/www.penzion-kaps.si\/wp-content\/uploads\/2021\/03\/PENZION-KAPS-BLED-Druzinska-soba-s-teraso-02-980x653.jpg 980w, https:\/\/www.penzion-kaps.si\/wp-content\/uploads\/2021\/03\/PENZION-KAPS-BLED-Druzinska-soba-s-teraso-02-480x320.jpg 480w\" sizes=\"(min-width: 0px) and (max-width: 480px) 480px, (min-width: 481px) and (max-width: 980px) 980px, (min-width: 981px) 1080px, 100vw\" width=\"1080\" height=\"720\" \/>\n                            \n                        <\/div>\n                    <\/a>\n                <\/div><div class=\"grid-item\">\n                    <a href=\"https:\/\/www.penzion-kaps.si\/wp-content\/uploads\/2021\/03\/PENZION-KAPS-BLED-Druzinska-soba-s-teraso-03.jpg\"  data-title='PENZION KAPS BLED &#8211; Dru\u017einska soba s teraso 03'  data-caption='PENZION KAPS BLED' data-mfp-src=\"https:\/\/www.penzion-kaps.si\/wp-content\/uploads\/2021\/03\/PENZION-KAPS-BLED-Druzinska-soba-s-teraso-03.jpg\">\n                        <div class=\"et_pb_image_wrap\">\n                            <img loading=\"lazy\" decoding=\"async\" src=\"https:\/\/www.penzion-kaps.si\/wp-content\/uploads\/2021\/03\/PENZION-KAPS-BLED-Druzinska-soba-s-teraso-03.jpg\" title=\"PENZION KAPS BLED &#8211; Dru\u017einska soba s teraso 03\" alt=\"PENZION KAPS BLED\" class=\"dsm-skip-lazyload\" srcset=\"https:\/\/www.penzion-kaps.si\/wp-content\/uploads\/2021\/03\/PENZION-KAPS-BLED-Druzinska-soba-s-teraso-03.jpg 1080w, https:\/\/www.penzion-kaps.si\/wp-content\/uploads\/2021\/03\/PENZION-KAPS-BLED-Druzinska-soba-s-teraso-03-980x653.jpg 980w, https:\/\/www.penzion-kaps.si\/wp-content\/uploads\/2021\/03\/PENZION-KAPS-BLED-Druzinska-soba-s-teraso-03-480x320.jpg 480w\" sizes=\"(min-width: 0px) and (max-width: 480px) 480px, (min-width: 481px) and (max-width: 980px) 980px, (min-width: 981px) 1080px, 100vw\" width=\"1080\" height=\"720\" \/>\n                            \n                        <\/div>\n                    <\/a>\n                <\/div><div class=\"grid-item\">\n                    <a href=\"https:\/\/www.penzion-kaps.si\/wp-content\/uploads\/2021\/03\/PENZION-KAPS-BLED-Druzinska-soba-s-teraso-04.jpg\"  data-title='PENZION KAPS BLED &#8211; Dru\u017einska soba s teraso 04'  data-caption='PENZION KAPS BLED' data-mfp-src=\"https:\/\/www.penzion-kaps.si\/wp-content\/uploads\/2021\/03\/PENZION-KAPS-BLED-Druzinska-soba-s-teraso-04.jpg\">\n                        <div class=\"et_pb_image_wrap\">\n                            <img loading=\"lazy\" decoding=\"async\" src=\"https:\/\/www.penzion-kaps.si\/wp-content\/uploads\/2021\/03\/PENZION-KAPS-BLED-Druzinska-soba-s-teraso-04.jpg\" title=\"PENZION KAPS BLED &#8211; Dru\u017einska soba s teraso 04\" alt=\"PENZION KAPS BLED\" class=\"dsm-skip-lazyload\" srcset=\"https:\/\/www.penzion-kaps.si\/wp-content\/uploads\/2021\/03\/PENZION-KAPS-BLED-Druzinska-soba-s-teraso-04.jpg 1080w, https:\/\/www.penzion-kaps.si\/wp-content\/uploads\/2021\/03\/PENZION-KAPS-BLED-Druzinska-soba-s-teraso-04-980x653.jpg 980w, https:\/\/www.penzion-kaps.si\/wp-content\/uploads\/2021\/03\/PENZION-KAPS-BLED-Druzinska-soba-s-teraso-04-480x320.jpg 480w\" sizes=\"(min-width: 0px) and (max-width: 480px) 480px, (min-width: 481px) and (max-width: 980px) 980px, (min-width: 981px) 1080px, 100vw\" width=\"1080\" height=\"720\" \/>\n                            \n                        <\/div>\n                    <\/a>\n                <\/div><div class=\"grid-item\">\n                    <a href=\"https:\/\/www.penzion-kaps.si\/wp-content\/uploads\/2021\/03\/PENZION-KAPS-BLED-Druzinska-soba-s-teraso-05.jpg\"  data-title='PENZION KAPS BLED &#8211; Dru\u017einska soba s teraso 05'  data-caption='PENZION KAPS BLED' data-mfp-src=\"https:\/\/www.penzion-kaps.si\/wp-content\/uploads\/2021\/03\/PENZION-KAPS-BLED-Druzinska-soba-s-teraso-05.jpg\">\n                        <div class=\"et_pb_image_wrap\">\n                            <img loading=\"lazy\" decoding=\"async\" src=\"https:\/\/www.penzion-kaps.si\/wp-content\/uploads\/2021\/03\/PENZION-KAPS-BLED-Druzinska-soba-s-teraso-05.jpg\" title=\"PENZION KAPS BLED &#8211; Dru\u017einska soba s teraso 05\" alt=\"PENZION KAPS BLED\" class=\"dsm-skip-lazyload\" srcset=\"https:\/\/www.penzion-kaps.si\/wp-content\/uploads\/2021\/03\/PENZION-KAPS-BLED-Druzinska-soba-s-teraso-05.jpg 1080w, https:\/\/www.penzion-kaps.si\/wp-content\/uploads\/2021\/03\/PENZION-KAPS-BLED-Druzinska-soba-s-teraso-05-980x653.jpg 980w, https:\/\/www.penzion-kaps.si\/wp-content\/uploads\/2021\/03\/PENZION-KAPS-BLED-Druzinska-soba-s-teraso-05-480x320.jpg 480w\" sizes=\"(min-width: 0px) and (max-width: 480px) 480px, (min-width: 481px) and (max-width: 980px) 980px, (min-width: 981px) 1080px, 100vw\" width=\"1080\" height=\"720\" \/>\n                            \n                        <\/div>\n                    <\/a>\n                <\/div><div class=\"grid-item\">\n                    <a href=\"https:\/\/www.penzion-kaps.si\/wp-content\/uploads\/2021\/03\/PENZION-KAPS-BLED-Druzinska-soba-s-teraso-06.jpg\"  data-title='PENZION KAPS BLED &#8211; Dru\u017einska soba s teraso 06'  data-caption='PENZION KAPS BLED' data-mfp-src=\"https:\/\/www.penzion-kaps.si\/wp-content\/uploads\/2021\/03\/PENZION-KAPS-BLED-Druzinska-soba-s-teraso-06.jpg\">\n                        <div class=\"et_pb_image_wrap\">\n                            <img loading=\"lazy\" decoding=\"async\" src=\"https:\/\/www.penzion-kaps.si\/wp-content\/uploads\/2021\/03\/PENZION-KAPS-BLED-Druzinska-soba-s-teraso-06.jpg\" title=\"PENZION KAPS BLED &#8211; Dru\u017einska soba s teraso 06\" alt=\"PENZION KAPS BLED\" class=\"dsm-skip-lazyload\" srcset=\"https:\/\/www.penzion-kaps.si\/wp-content\/uploads\/2021\/03\/PENZION-KAPS-BLED-Druzinska-soba-s-teraso-06.jpg 1080w, https:\/\/www.penzion-kaps.si\/wp-content\/uploads\/2021\/03\/PENZION-KAPS-BLED-Druzinska-soba-s-teraso-06-980x652.jpg 980w, https:\/\/www.penzion-kaps.si\/wp-content\/uploads\/2021\/03\/PENZION-KAPS-BLED-Druzinska-soba-s-teraso-06-480x320.jpg 480w\" sizes=\"(min-width: 0px) and (max-width: 480px) 480px, (min-width: 481px) and (max-width: 980px) 980px, (min-width: 981px) 1080px, 100vw\" width=\"1080\" height=\"719\" \/>\n                            \n                        <\/div>\n                    <\/a>\n                <\/div><div class=\"grid-item\">\n                    <a href=\"https:\/\/www.penzion-kaps.si\/wp-content\/uploads\/2021\/03\/PENZION-KAPS-BLED-Druzinska-soba-s-teraso-07.jpg\"  data-title='PENZION KAPS BLED &#8211; Dru\u017einska soba s teraso 07'  data-caption='PENZION KAPS BLED' data-mfp-src=\"https:\/\/www.penzion-kaps.si\/wp-content\/uploads\/2021\/03\/PENZION-KAPS-BLED-Druzinska-soba-s-teraso-07.jpg\">\n                        <div class=\"et_pb_image_wrap\">\n                            <img loading=\"lazy\" decoding=\"async\" src=\"https:\/\/www.penzion-kaps.si\/wp-content\/uploads\/2021\/03\/PENZION-KAPS-BLED-Druzinska-soba-s-teraso-07.jpg\" title=\"PENZION KAPS BLED &#8211; Dru\u017einska soba s teraso 07\" alt=\"PENZION KAPS BLED\" class=\"dsm-skip-lazyload\" srcset=\"https:\/\/www.penzion-kaps.si\/wp-content\/uploads\/2021\/03\/PENZION-KAPS-BLED-Druzinska-soba-s-teraso-07.jpg 1080w, https:\/\/www.penzion-kaps.si\/wp-content\/uploads\/2021\/03\/PENZION-KAPS-BLED-Druzinska-soba-s-teraso-07-980x653.jpg 980w, https:\/\/www.penzion-kaps.si\/wp-content\/uploads\/2021\/03\/PENZION-KAPS-BLED-Druzinska-soba-s-teraso-07-480x320.jpg 480w\" sizes=\"(min-width: 0px) and (max-width: 480px) 480px, (min-width: 481px) and (max-width: 980px) 980px, (min-width: 981px) 1080px, 100vw\" width=\"1080\" height=\"720\" \/>\n                            \n                        <\/div>\n                    <\/a>\n                <\/div><div class=\"grid-item\">\n                    <a href=\"https:\/\/www.penzion-kaps.si\/wp-content\/uploads\/2021\/03\/PENZION-KAPS-BLED-Druzinska-soba-s-teraso-08.jpg\"  data-title='PENZION KAPS BLED &#8211; Dru\u017einska soba s teraso 08'  data-caption='PENZION KAPS BLED' data-mfp-src=\"https:\/\/www.penzion-kaps.si\/wp-content\/uploads\/2021\/03\/PENZION-KAPS-BLED-Druzinska-soba-s-teraso-08.jpg\">\n                        <div class=\"et_pb_image_wrap\">\n                            <img loading=\"lazy\" decoding=\"async\" src=\"https:\/\/www.penzion-kaps.si\/wp-content\/uploads\/2021\/03\/PENZION-KAPS-BLED-Druzinska-soba-s-teraso-08.jpg\" title=\"PENZION KAPS BLED &#8211; Dru\u017einska soba s teraso 08\" alt=\"PENZION KAPS BLED\" class=\"dsm-skip-lazyload\" srcset=\"https:\/\/www.penzion-kaps.si\/wp-content\/uploads\/2021\/03\/PENZION-KAPS-BLED-Druzinska-soba-s-teraso-08.jpg 1080w, https:\/\/www.penzion-kaps.si\/wp-content\/uploads\/2021\/03\/PENZION-KAPS-BLED-Druzinska-soba-s-teraso-08-980x652.jpg 980w, https:\/\/www.penzion-kaps.si\/wp-content\/uploads\/2021\/03\/PENZION-KAPS-BLED-Druzinska-soba-s-teraso-08-480x320.jpg 480w\" sizes=\"(min-width: 0px) and (max-width: 480px) 480px, (min-width: 481px) and (max-width: 980px) 980px, (min-width: 981px) 1080px, 100vw\" width=\"1080\" height=\"719\" \/>\n                            \n                        <\/div>\n                    <\/a>\n                <\/div><div class=\"grid-item\">\n                    <a href=\"https:\/\/www.penzion-kaps.si\/wp-content\/uploads\/2021\/03\/PENZION-KAPS-BLED-Druzinska-soba-s-teraso-09.jpg\"  data-title='PENZION KAPS BLED &#8211; Dru\u017einska soba s teraso 09'  data-caption='PENZION KAPS BLED' data-mfp-src=\"https:\/\/www.penzion-kaps.si\/wp-content\/uploads\/2021\/03\/PENZION-KAPS-BLED-Druzinska-soba-s-teraso-09.jpg\">\n                        <div class=\"et_pb_image_wrap\">\n                            <img loading=\"lazy\" decoding=\"async\" src=\"https:\/\/www.penzion-kaps.si\/wp-content\/uploads\/2021\/03\/PENZION-KAPS-BLED-Druzinska-soba-s-teraso-09.jpg\" title=\"PENZION KAPS BLED &#8211; Dru\u017einska soba s teraso 09\" alt=\"PENZION KAPS BLED\" class=\"dsm-skip-lazyload\" srcset=\"https:\/\/www.penzion-kaps.si\/wp-content\/uploads\/2021\/03\/PENZION-KAPS-BLED-Druzinska-soba-s-teraso-09.jpg 1080w, https:\/\/www.penzion-kaps.si\/wp-content\/uploads\/2021\/03\/PENZION-KAPS-BLED-Druzinska-soba-s-teraso-09-980x652.jpg 980w, https:\/\/www.penzion-kaps.si\/wp-content\/uploads\/2021\/03\/PENZION-KAPS-BLED-Druzinska-soba-s-teraso-09-480x320.jpg 480w\" sizes=\"(min-width: 0px) and (max-width: 480px) 480px, (min-width: 481px) and (max-width: 980px) 980px, (min-width: 981px) 1080px, 100vw\" width=\"1080\" height=\"719\" \/>\n                            \n                        <\/div>\n                    <\/a>\n                <\/div><div class=\"grid-item\">\n                    <a href=\"https:\/\/www.penzion-kaps.si\/wp-content\/uploads\/2021\/03\/PENZION-KAPS-BLED-Druzinska-soba-s-teraso-10.jpg\"  data-title='PENZION KAPS BLED &#8211; Dru\u017einska soba s teraso 10'  data-caption='PENZION KAPS BLED' data-mfp-src=\"https:\/\/www.penzion-kaps.si\/wp-content\/uploads\/2021\/03\/PENZION-KAPS-BLED-Druzinska-soba-s-teraso-10.jpg\">\n                        <div class=\"et_pb_image_wrap\">\n                            <img loading=\"lazy\" decoding=\"async\" src=\"https:\/\/www.penzion-kaps.si\/wp-content\/uploads\/2021\/03\/PENZION-KAPS-BLED-Druzinska-soba-s-teraso-10.jpg\" title=\"PENZION KAPS BLED &#8211; Dru\u017einska soba s teraso 10\" alt=\"PENZION KAPS BLED\" class=\"dsm-skip-lazyload\" srcset=\"https:\/\/www.penzion-kaps.si\/wp-content\/uploads\/2021\/03\/PENZION-KAPS-BLED-Druzinska-soba-s-teraso-10.jpg 1080w, https:\/\/www.penzion-kaps.si\/wp-content\/uploads\/2021\/03\/PENZION-KAPS-BLED-Druzinska-soba-s-teraso-10-980x652.jpg 980w, https:\/\/www.penzion-kaps.si\/wp-content\/uploads\/2021\/03\/PENZION-KAPS-BLED-Druzinska-soba-s-teraso-10-480x320.jpg 480w\" sizes=\"(min-width: 0px) and (max-width: 480px) 480px, (min-width: 481px) and (max-width: 980px) 980px, (min-width: 981px) 1080px, 100vw\" width=\"1080\" height=\"719\" \/>\n                            \n                        <\/div>\n                    <\/a>\n                <\/div><div class=\"grid-item\">\n                    <a href=\"https:\/\/www.penzion-kaps.si\/wp-content\/uploads\/2021\/03\/PENZION-KAPS-BLED-Druzinska-soba-s-teraso-11.jpg\"  data-title='PENZION KAPS BLED &#8211; Dru\u017einska soba s teraso 11'  data-caption='PENZION KAPS BLED' data-mfp-src=\"https:\/\/www.penzion-kaps.si\/wp-content\/uploads\/2021\/03\/PENZION-KAPS-BLED-Druzinska-soba-s-teraso-11.jpg\">\n                        <div class=\"et_pb_image_wrap\">\n                            <img loading=\"lazy\" decoding=\"async\" src=\"https:\/\/www.penzion-kaps.si\/wp-content\/uploads\/2021\/03\/PENZION-KAPS-BLED-Druzinska-soba-s-teraso-11.jpg\" title=\"PENZION KAPS BLED &#8211; Dru\u017einska soba s teraso 11\" alt=\"PENZION KAPS BLED\" class=\"dsm-skip-lazyload\" srcset=\"https:\/\/www.penzion-kaps.si\/wp-content\/uploads\/2021\/03\/PENZION-KAPS-BLED-Druzinska-soba-s-teraso-11.jpg 1080w, https:\/\/www.penzion-kaps.si\/wp-content\/uploads\/2021\/03\/PENZION-KAPS-BLED-Druzinska-soba-s-teraso-11-980x652.jpg 980w, https:\/\/www.penzion-kaps.si\/wp-content\/uploads\/2021\/03\/PENZION-KAPS-BLED-Druzinska-soba-s-teraso-11-480x320.jpg 480w\" sizes=\"(min-width: 0px) and (max-width: 480px) 480px, (min-width: 481px) and (max-width: 980px) 980px, (min-width: 981px) 1080px, 100vw\" width=\"1080\" height=\"719\" \/>\n                            \n                        <\/div>\n                    <\/a>\n                <\/div><div class=\"grid-item\">\n                    <a href=\"https:\/\/www.penzion-kaps.si\/wp-content\/uploads\/2021\/03\/PENZION-KAPS-BLED-Druzinska-soba-s-teraso-12.jpg\"  data-title='PENZION KAPS BLED &#8211; Dru\u017einska soba s teraso 12'  data-caption='PENZION KAPS BLED' data-mfp-src=\"https:\/\/www.penzion-kaps.si\/wp-content\/uploads\/2021\/03\/PENZION-KAPS-BLED-Druzinska-soba-s-teraso-12.jpg\">\n                        <div class=\"et_pb_image_wrap\">\n                            <img loading=\"lazy\" decoding=\"async\" src=\"https:\/\/www.penzion-kaps.si\/wp-content\/uploads\/2021\/03\/PENZION-KAPS-BLED-Druzinska-soba-s-teraso-12.jpg\" title=\"PENZION KAPS BLED &#8211; Dru\u017einska soba s teraso 12\" alt=\"PENZION KAPS BLED\" class=\"dsm-skip-lazyload\" srcset=\"https:\/\/www.penzion-kaps.si\/wp-content\/uploads\/2021\/03\/PENZION-KAPS-BLED-Druzinska-soba-s-teraso-12.jpg 1080w, https:\/\/www.penzion-kaps.si\/wp-content\/uploads\/2021\/03\/PENZION-KAPS-BLED-Druzinska-soba-s-teraso-12-980x653.jpg 980w, https:\/\/www.penzion-kaps.si\/wp-content\/uploads\/2021\/03\/PENZION-KAPS-BLED-Druzinska-soba-s-teraso-12-480x320.jpg 480w\" sizes=\"(min-width: 0px) and (max-width: 480px) 480px, (min-width: 481px) and (max-width: 980px) 980px, (min-width: 981px) 1080px, 100vw\" width=\"1080\" height=\"720\" \/>\n                            \n                        <\/div>\n                    <\/a>\n                <\/div><div class=\"grid-item\">\n                    <a href=\"https:\/\/www.penzion-kaps.si\/wp-content\/uploads\/2021\/03\/PENZION-KAPS-BLED-Druzinska-soba-s-teraso-13.jpg\"  data-title='PENZION KAPS BLED &#8211; Dru\u017einska soba s teraso 13'  data-caption='PENZION KAPS BLED' data-mfp-src=\"https:\/\/www.penzion-kaps.si\/wp-content\/uploads\/2021\/03\/PENZION-KAPS-BLED-Druzinska-soba-s-teraso-13.jpg\">\n                        <div class=\"et_pb_image_wrap\">\n                            <img loading=\"lazy\" decoding=\"async\" src=\"https:\/\/www.penzion-kaps.si\/wp-content\/uploads\/2021\/03\/PENZION-KAPS-BLED-Druzinska-soba-s-teraso-13.jpg\" title=\"PENZION KAPS BLED &#8211; Dru\u017einska soba s teraso 13\" alt=\"PENZION KAPS BLED\" class=\"dsm-skip-lazyload\" srcset=\"https:\/\/www.penzion-kaps.si\/wp-content\/uploads\/2021\/03\/PENZION-KAPS-BLED-Druzinska-soba-s-teraso-13.jpg 1080w, https:\/\/www.penzion-kaps.si\/wp-content\/uploads\/2021\/03\/PENZION-KAPS-BLED-Druzinska-soba-s-teraso-13-980x653.jpg 980w, https:\/\/www.penzion-kaps.si\/wp-content\/uploads\/2021\/03\/PENZION-KAPS-BLED-Druzinska-soba-s-teraso-13-480x320.jpg 480w\" sizes=\"(min-width: 0px) and (max-width: 480px) 480px, (min-width: 481px) and (max-width: 980px) 980px, (min-width: 981px) 1080px, 100vw\" width=\"1080\" height=\"720\" \/>\n                            \n                        <\/div>\n                    <\/a>\n                <\/div><div class=\"grid-item\">\n                    <a href=\"https:\/\/www.penzion-kaps.si\/wp-content\/uploads\/2021\/03\/PENZION-KAPS-BLED-Druzinska-soba-s-teraso-14.jpg\"  data-title='PENZION KAPS BLED &#8211; Dru\u017einska soba s teraso 14'  data-caption='PENZION KAPS BLED' data-mfp-src=\"https:\/\/www.penzion-kaps.si\/wp-content\/uploads\/2021\/03\/PENZION-KAPS-BLED-Druzinska-soba-s-teraso-14.jpg\">\n                        <div class=\"et_pb_image_wrap\">\n                            <img loading=\"lazy\" decoding=\"async\" src=\"https:\/\/www.penzion-kaps.si\/wp-content\/uploads\/2021\/03\/PENZION-KAPS-BLED-Druzinska-soba-s-teraso-14.jpg\" title=\"PENZION KAPS BLED &#8211; Dru\u017einska soba s teraso 14\" alt=\"PENZION KAPS BLED\" class=\"dsm-skip-lazyload\" srcset=\"https:\/\/www.penzion-kaps.si\/wp-content\/uploads\/2021\/03\/PENZION-KAPS-BLED-Druzinska-soba-s-teraso-14.jpg 1080w, https:\/\/www.penzion-kaps.si\/wp-content\/uploads\/2021\/03\/PENZION-KAPS-BLED-Druzinska-soba-s-teraso-14-980x653.jpg 980w, https:\/\/www.penzion-kaps.si\/wp-content\/uploads\/2021\/03\/PENZION-KAPS-BLED-Druzinska-soba-s-teraso-14-480x320.jpg 480w\" sizes=\"(min-width: 0px) and (max-width: 480px) 480px, (min-width: 481px) and (max-width: 980px) 980px, (min-width: 981px) 1080px, 100vw\" width=\"1080\" height=\"720\" \/>\n                            \n                        <\/div>\n                    <\/a>\n                <\/div>\n             <\/div>\n\t\t\t\t<\/div>\n\t\t\t<\/div>[panoembed]\/wp-content\/uploads\/kaps\/tour.html[\/panoembed]<\/p>\n","protected":false},"author":1,"featured_media":4639,"parent":2353,"menu_order":8,"comment_status":"closed","ping_status":"closed","template":"","meta":{"_et_pb_use_builder":"on","_et_pb_old_content":"","_et_gb_content_width":"","footnotes":""},"class_list":["post-4383","page","type-page","status-publish","has-post-thumbnail","hentry"],"aioseo_notices":[],"_links":{"self":[{"href":"https:\/\/www.penzion-kaps.si\/sl\/wp-json\/wp\/v2\/pages\/4383","targetHints":{"allow":["GET"]}}],"collection":[{"href":"https:\/\/www.penzion-kaps.si\/sl\/wp-json\/wp\/v2\/pages"}],"about":[{"href":"https:\/\/www.penzion-kaps.si\/sl\/wp-json\/wp\/v2\/types\/page"}],"author":[{"embeddable":true,"href":"https:\/\/www.penzion-kaps.si\/sl\/wp-json\/wp\/v2\/users\/1"}],"replies":[{"embeddable":true,"href":"https:\/\/www.penzion-kaps.si\/sl\/wp-json\/wp\/v2\/comments?post=4383"}],"version-history":[{"count":13,"href":"https:\/\/www.penzion-kaps.si\/sl\/wp-json\/wp\/v2\/pages\/4383\/revisions"}],"predecessor-version":[{"id":5814,"href":"https:\/\/www.penzion-kaps.si\/sl\/wp-json\/wp\/v2\/pages\/4383\/revisions\/5814"}],"up":[{"embeddable":true,"href":"https:\/\/www.penzion-kaps.si\/sl\/wp-json\/wp\/v2\/pages\/2353"}],"wp:featuredmedia":[{"embeddable":true,"href":"https:\/\/www.penzion-kaps.si\/sl\/wp-json\/wp\/v2\/media\/4639"}],"wp:attachment":[{"href":"https:\/\/www.penzion-kaps.si\/sl\/wp-json\/wp\/v2\/media?parent=4383"}],"curies":[{"name":"wp","href":"https:\/\/api.w.org\/{rel}","templated":true}]}}